{"id":3638,"date":"2024-04-02T14:24:20","date_gmt":"2024-04-02T12:24:20","guid":{"rendered":"https:\/\/sar.fr\/join-us\/"},"modified":"2025-09-11T13:50:38","modified_gmt":"2025-09-11T11:50:38","slug":"join-us","status":"publish","type":"page","link":"https:\/\/sar.fr\/en\/join-us\/","title":{"rendered":"Join us"},"content":{"rendered":"\n<p class=\"has-text-align-center sous-titre\"><strong>ACCUEILLIR, ACCOMPAGNER ET FAIRE GRANDIR LES TALENTS<\/strong><\/p>\n\n<div style=\"height:50px\" aria-hidden=\"true\" class=\"wp-block-spacer\"><\/div>\n\n<div class=\"wp-block-media-text alignwide is-stacked-on-mobile is-image-fill reveal has-background\" style=\"background-color:#8dd2fc1a;grid-template-columns:40% auto\"><figure class=\"wp-block-media-text__media\" style=\"background-image:url(https:\/\/sar.fr\/wp-content\/uploads\/2024\/04\/GENERAL-ANTOINE-MEYSSONNIER-535x535.jpg);background-position:50% 50%\"><img decoding=\"async\" src=\"https:\/\/sar.fr\/wp-content\/uploads\/2024\/04\/GENERAL-ANTOINE-MEYSSONNIER-535x535.jpg\" alt=\"\" class=\"wp-image-627 size-full\"\/><\/figure><div class=\"wp-block-media-text__content\">\n<div style=\"height:20px\" aria-hidden=\"true\" class=\"wp-block-spacer\"><\/div>\n\n\n<div class=\"wp-block-image\">\n<figure class=\"aligncenter size-full\"><img decoding=\"async\" src=\"https:\/\/cardem.people-marketing.fr\/wp-content\/uploads\/2024\/01\/CARDEM-Nous-rejoindre-Accroche.png\" alt=\"\" class=\"wp-image-1475\" style=\"object-fit:cover\"\/><\/figure>\n<\/div>\n\n\n<p>Vous voulez contribuer \u00e0 am\u00e9liorer la vie de chacun, participer \u00e0 des projets qui ont du sens et qui vous permettront de gagner en comp\u00e9tences ?<\/p>\n\n\n\n<p>En France m\u00e9tropolitaine, VINCI Construction s\u2019appuie sur un r\u00e9seau de filiales de proximit\u00e9 pour concevoir, financer, r\u00e9aliser et maintenir tout projet de construction dans les m\u00e9tiers du B\u00e2timent, du G\u00e9nie Civil, de la Route et des R\u00e9seaux.<\/p>\n\n\n\n<p>Au sein des m\u00e9tiers R\u00e9seaux France de VINCI Construction, SIGNATURE c\u2019est une diversit\u00e9 de m\u00e9tiers allant de la signalisation horizontale au mobilier urbain en passant par la signalisation verticale, le balisage, les dispositifs de retenue\u2026 A travers tout cela, nos 900 collaboratrices et collaborateurs forment des \u00e9quipes de passionn\u00e9(e)s qui partagent toutes et tous la m\u00eame vision : <strong>Build Better Together.<\/strong><\/p>\n\n\n\n<div style=\"height:25px\" aria-hidden=\"true\" class=\"wp-block-spacer\"><\/div>\n<\/div><\/div>\n\n<div style=\"height:70px\" aria-hidden=\"true\" class=\"wp-block-spacer\"><\/div>\n\n<div class=\"wp-block-media-text is-stacked-on-mobile\" style=\"grid-template-columns:40% auto\"><figure class=\"wp-block-media-text__media\"><img decoding=\"async\" src=\"https:\/\/sar.fr\/wp-content\/uploads\/2024\/04\/EQUIPEMENT-DE-LA-ROUTE_BUILD_1-535x535.jpg\" alt=\"\" class=\"wp-image-600 size-full\"\/><\/figure><div class=\"wp-block-media-text__content\">\n<h2 class=\"wp-block-heading\"><strong><strong><strong>Construire son parcours<\/strong><\/strong><\/strong><\/h2>\n\n\n\n<p>Parce que nous partageons la m\u00eame passion de construire. Une passion utile. Au service des villes\u2026et des territoires. Un m\u00e9tier pour trouver des solutions. Et parce que chez nous, chacun a la possibilit\u00e9 de se construire. En d\u00e9veloppant sans cesse ses comp\u00e9tences. En utilisant des techniques et des technologies de pointe. En transmettant nos savoir-faire. En partageant notre fa\u00e7on d\u2019\u00eatre.<\/p>\n\n\n\n<p><strong>Humilit\u00e9. Esprit d\u2019\u00e9quipe. Excellence. Libert\u00e9 d\u2019entreprendre. Transparence.<\/strong><\/p>\n<\/div><\/div>\n\n<div style=\"height:30px\" aria-hidden=\"true\" class=\"wp-block-spacer\"><\/div>\n\n<div class=\"wp-block-media-text is-stacked-on-mobile\" style=\"grid-template-columns:40% auto\"><figure class=\"wp-block-media-text__media\"><img decoding=\"async\" src=\"https:\/\/sar.fr\/wp-content\/uploads\/2024\/04\/EQUIPEMENT-DE-LA-ROUTE_BETTER_2-535x535.jpg\" alt=\"\" class=\"wp-image-601 size-full\"\/><\/figure><div class=\"wp-block-media-text__content\">\n<h2 class=\"wp-block-heading\"><strong><strong><strong><strong><strong><strong>Construire pour construire utile<\/strong><\/strong><\/strong><\/strong><\/strong><\/strong><\/h2>\n\n\n\n<p>Parce que c\u2019est <strong>\u00ab good \u00bb<\/strong> et m\u00eame <strong>\u00ab great \u00bb<\/strong>, ce n\u2019est pas assez. Nous cultivons un management bas\u00e9 sur l\u2019autonomie et la confiance. Pour laisser les responsables de nos chantiers et de nos sites prendre les d\u00e9cisions sur le terrain. Au sein d\u2019une entreprise toujours plus inclusive et toujours plus engag\u00e9e pour l\u2019environnement et la soci\u00e9t\u00e9.<\/p>\n<\/div><\/div>\n\n<div style=\"height:30px\" aria-hidden=\"true\" class=\"wp-block-spacer\"><\/div>\n\n<div class=\"wp-block-media-text is-stacked-on-mobile\" style=\"grid-template-columns:40% auto\"><figure class=\"wp-block-media-text__media\"><img decoding=\"async\" src=\"https:\/\/sar.fr\/wp-content\/uploads\/2024\/04\/EQUIPEMENT-DE-LA-ROUTE_TOGETHER_1-535x535.jpg\" alt=\"\" class=\"wp-image-602 size-full\"\/><\/figure><div class=\"wp-block-media-text__content\">\n<h2 class=\"wp-block-heading\"><strong><strong><strong><strong><strong><strong><strong><strong><strong><strong>Construire avec des valeurs<\/strong><\/strong><\/strong><\/strong><\/strong><\/strong><\/strong><\/strong><\/strong><\/strong><\/h2>\n\n\n\n<p>Parce que chez nous, l&#8217;humain passe avant tout. Pour nos collaborateurs.  Parce que leur r\u00e9ussite, leur bien-\u00eatre et leur s\u00e9curit\u00e9 sont notre priorit\u00e9. Parce que nous croyons au travail en \u00e9quipe. Et \u00e0 la solidarit\u00e9. Pour nos clients, et celles et ceux pour qui nous travaillons. Parce que des dialogues constructifs naissent toujours les bons projets. Alors oui, c\u2019est simple comme\u2026un, deux, trois. Et tous les jours, bien plus encore. Gr\u00e2ce \u00e0 des femmes et des hommes comme vous !<\/p>\n<\/div><\/div>\n\n<div style=\"height:34px\" aria-hidden=\"true\" class=\"wp-block-spacer\"><\/div>\n\n<div class=\"wp-block-columns is-layout-flex wp-container-core-columns-is-layout-9d6595d7 wp-block-columns-is-layout-flex\">\n<div class=\"wp-block-column is-layout-flow wp-block-column-is-layout-flow\">\n<figure class=\"wp-block-embed aligncenter is-type-video is-provider-youtube wp-block-embed-youtube wp-embed-aspect-16-9 wp-has-aspect-ratio w-100\"><div class=\"wp-block-embed__wrapper\">\n<div class=\"oembed\">\n\t<iframe loading=\"lazy\" title=\"Build Better Together\" width=\"500\" height=\"281\" src=\"https:\/\/www.youtube.com\/embed\/Ijrj8ikHxX0?start=6&#038;feature=oembed\" frameborder=\"0\" allow=\"accelerometer; autoplay; clipboard-write; encrypted-media; gyroscope; picture-in-picture; web-share\" referrerpolicy=\"strict-origin-when-cross-origin\" allowfullscreen><\/iframe><\/div>\n\n<\/div><\/figure>\n<\/div>\n<\/div>\n\n<div style=\"height:50px\" aria-hidden=\"true\" class=\"wp-block-spacer\"><\/div>\n","protected":false},"excerpt":{"rendered":"<p>ACCUEILLIR, ACCOMPAGNER ET FAIRE GRANDIR LES TALENTS Construire son parcours Parce que nous partageons la m\u00eame passion de construire. Une&#8230;<\/p>\n","protected":false},"author":1,"featured_media":0,"parent":0,"menu_order":59,"comment_status":"closed","ping_status":"closed","template":"","meta":{"_acf_changed":false,"footnotes":""},"class_list":["post-3638","page","type-page","status-publish","hentry"],"acf":[],"yoast_head":"<!-- This site is optimized with the Yoast SEO plugin v27.4 - https:\/\/yoast.com\/product\/yoast-seo-wordpress\/ -->\n<title>Join us - SAR<\/title>\n<meta name=\"robots\" content=\"index, follow, max-snippet:-1, max-image-preview:large, max-video-preview:-1\" \/>\n<link rel=\"canonical\" href=\"https:\/\/sar.fr\/nous-rejoindre\/\" \/>\n<meta property=\"og:locale\" content=\"en_US\" \/>\n<meta property=\"og:type\" content=\"article\" \/>\n<meta property=\"og:title\" content=\"Join us - SAR\" \/>\n<meta property=\"og:description\" content=\"ACCUEILLIR, ACCOMPAGNER ET FAIRE GRANDIR LES TALENTS Construire son parcours Parce que nous partageons la m\u00eame passion de construire. Une...\" \/>\n<meta property=\"og:url\" content=\"https:\/\/sar.fr\/nous-rejoindre\/\" \/>\n<meta property=\"og:site_name\" content=\"SAR\" \/>\n<meta property=\"article:modified_time\" content=\"2025-09-11T11:50:38+00:00\" \/>\n<meta name=\"twitter:card\" content=\"summary_large_image\" \/>\n<meta name=\"twitter:label1\" content=\"Est. reading time\" \/>\n\t<meta name=\"twitter:data1\" content=\"2 minutes\" \/>\n<script type=\"application\/ld+json\" class=\"yoast-schema-graph\">{\"@context\":\"https:\\\/\\\/schema.org\",\"@graph\":[{\"@type\":\"WebPage\",\"@id\":\"https:\\\/\\\/sar.fr\\\/nous-rejoindre\\\/\",\"url\":\"https:\\\/\\\/sar.fr\\\/nous-rejoindre\\\/\",\"name\":\"Join us - SAR\",\"isPartOf\":{\"@id\":\"https:\\\/\\\/sar.fr\\\/#website\"},\"primaryImageOfPage\":{\"@id\":\"https:\\\/\\\/sar.fr\\\/nous-rejoindre\\\/#primaryimage\"},\"image\":{\"@id\":\"https:\\\/\\\/sar.fr\\\/nous-rejoindre\\\/#primaryimage\"},\"thumbnailUrl\":\"https:\\\/\\\/sar.fr\\\/wp-content\\\/uploads\\\/2024\\\/04\\\/GENERAL-ANTOINE-MEYSSONNIER-535x535.jpg\",\"datePublished\":\"2024-04-02T12:24:20+00:00\",\"dateModified\":\"2025-09-11T11:50:38+00:00\",\"breadcrumb\":{\"@id\":\"https:\\\/\\\/sar.fr\\\/nous-rejoindre\\\/#breadcrumb\"},\"inLanguage\":\"en-US\",\"potentialAction\":[{\"@type\":\"ReadAction\",\"target\":[\"https:\\\/\\\/sar.fr\\\/nous-rejoindre\\\/\"]}]},{\"@type\":\"ImageObject\",\"inLanguage\":\"en-US\",\"@id\":\"https:\\\/\\\/sar.fr\\\/nous-rejoindre\\\/#primaryimage\",\"url\":\"https:\\\/\\\/sar.fr\\\/wp-content\\\/uploads\\\/2024\\\/04\\\/GENERAL-ANTOINE-MEYSSONNIER-535x535.jpg\",\"contentUrl\":\"https:\\\/\\\/sar.fr\\\/wp-content\\\/uploads\\\/2024\\\/04\\\/GENERAL-ANTOINE-MEYSSONNIER-535x535.jpg\"},{\"@type\":\"BreadcrumbList\",\"@id\":\"https:\\\/\\\/sar.fr\\\/nous-rejoindre\\\/#breadcrumb\",\"itemListElement\":[{\"@type\":\"ListItem\",\"position\":1,\"name\":\"Accueil\",\"item\":\"https:\\\/\\\/sar.fr\\\/en\\\/\"},{\"@type\":\"ListItem\",\"position\":2,\"name\":\"Join us\"}]},{\"@type\":\"WebSite\",\"@id\":\"https:\\\/\\\/sar.fr\\\/#website\",\"url\":\"https:\\\/\\\/sar.fr\\\/\",\"name\":\"Sar\",\"description\":\"\",\"publisher\":{\"@id\":\"https:\\\/\\\/sar.fr\\\/#organization\"},\"potentialAction\":[{\"@type\":\"SearchAction\",\"target\":{\"@type\":\"EntryPoint\",\"urlTemplate\":\"https:\\\/\\\/sar.fr\\\/?s={search_term_string}\"},\"query-input\":{\"@type\":\"PropertyValueSpecification\",\"valueRequired\":true,\"valueName\":\"search_term_string\"}}],\"inLanguage\":\"en-US\"},{\"@type\":\"Organization\",\"@id\":\"https:\\\/\\\/sar.fr\\\/#organization\",\"name\":\"Sar\",\"url\":\"https:\\\/\\\/sar.fr\\\/\",\"logo\":{\"@type\":\"ImageObject\",\"inLanguage\":\"en-US\",\"@id\":\"https:\\\/\\\/sar.fr\\\/#\\\/schema\\\/logo\\\/image\\\/\",\"url\":\"\",\"contentUrl\":\"\",\"caption\":\"Sar\"},\"image\":{\"@id\":\"https:\\\/\\\/sar.fr\\\/#\\\/schema\\\/logo\\\/image\\\/\"}}]}<\/script>\n<!-- \/ Yoast SEO plugin. -->","yoast_head_json":{"title":"Join us - SAR","robots":{"index":"index","follow":"follow","max-snippet":"max-snippet:-1","max-image-preview":"max-image-preview:large","max-video-preview":"max-video-preview:-1"},"canonical":"https:\/\/sar.fr\/nous-rejoindre\/","og_locale":"en_US","og_type":"article","og_title":"Join us - SAR","og_description":"ACCUEILLIR, ACCOMPAGNER ET FAIRE GRANDIR LES TALENTS Construire son parcours Parce que nous partageons la m\u00eame passion de construire. Une...","og_url":"https:\/\/sar.fr\/nous-rejoindre\/","og_site_name":"SAR","article_modified_time":"2025-09-11T11:50:38+00:00","twitter_card":"summary_large_image","twitter_misc":{"Est. reading time":"2 minutes"},"schema":{"@context":"https:\/\/schema.org","@graph":[{"@type":"WebPage","@id":"https:\/\/sar.fr\/nous-rejoindre\/","url":"https:\/\/sar.fr\/nous-rejoindre\/","name":"Join us - SAR","isPartOf":{"@id":"https:\/\/sar.fr\/#website"},"primaryImageOfPage":{"@id":"https:\/\/sar.fr\/nous-rejoindre\/#primaryimage"},"image":{"@id":"https:\/\/sar.fr\/nous-rejoindre\/#primaryimage"},"thumbnailUrl":"https:\/\/sar.fr\/wp-content\/uploads\/2024\/04\/GENERAL-ANTOINE-MEYSSONNIER-535x535.jpg","datePublished":"2024-04-02T12:24:20+00:00","dateModified":"2025-09-11T11:50:38+00:00","breadcrumb":{"@id":"https:\/\/sar.fr\/nous-rejoindre\/#breadcrumb"},"inLanguage":"en-US","potentialAction":[{"@type":"ReadAction","target":["https:\/\/sar.fr\/nous-rejoindre\/"]}]},{"@type":"ImageObject","inLanguage":"en-US","@id":"https:\/\/sar.fr\/nous-rejoindre\/#primaryimage","url":"https:\/\/sar.fr\/wp-content\/uploads\/2024\/04\/GENERAL-ANTOINE-MEYSSONNIER-535x535.jpg","contentUrl":"https:\/\/sar.fr\/wp-content\/uploads\/2024\/04\/GENERAL-ANTOINE-MEYSSONNIER-535x535.jpg"},{"@type":"BreadcrumbList","@id":"https:\/\/sar.fr\/nous-rejoindre\/#breadcrumb","itemListElement":[{"@type":"ListItem","position":1,"name":"Accueil","item":"https:\/\/sar.fr\/en\/"},{"@type":"ListItem","position":2,"name":"Join us"}]},{"@type":"WebSite","@id":"https:\/\/sar.fr\/#website","url":"https:\/\/sar.fr\/","name":"Sar","description":"","publisher":{"@id":"https:\/\/sar.fr\/#organization"},"potentialAction":[{"@type":"SearchAction","target":{"@type":"EntryPoint","urlTemplate":"https:\/\/sar.fr\/?s={search_term_string}"},"query-input":{"@type":"PropertyValueSpecification","valueRequired":true,"valueName":"search_term_string"}}],"inLanguage":"en-US"},{"@type":"Organization","@id":"https:\/\/sar.fr\/#organization","name":"Sar","url":"https:\/\/sar.fr\/","logo":{"@type":"ImageObject","inLanguage":"en-US","@id":"https:\/\/sar.fr\/#\/schema\/logo\/image\/","url":"","contentUrl":"","caption":"Sar"},"image":{"@id":"https:\/\/sar.fr\/#\/schema\/logo\/image\/"}}]}},"_links":{"self":[{"href":"https:\/\/sar.fr\/en\/wp-json\/wp\/v2\/pages\/3638","targetHints":{"allow":["GET"]}}],"collection":[{"href":"https:\/\/sar.fr\/en\/wp-json\/wp\/v2\/pages"}],"about":[{"href":"https:\/\/sar.fr\/en\/wp-json\/wp\/v2\/types\/page"}],"author":[{"embeddable":true,"href":"https:\/\/sar.fr\/en\/wp-json\/wp\/v2\/users\/1"}],"replies":[{"embeddable":true,"href":"https:\/\/sar.fr\/en\/wp-json\/wp\/v2\/comments?post=3638"}],"version-history":[{"count":1,"href":"https:\/\/sar.fr\/en\/wp-json\/wp\/v2\/pages\/3638\/revisions"}],"predecessor-version":[{"id":3639,"href":"https:\/\/sar.fr\/en\/wp-json\/wp\/v2\/pages\/3638\/revisions\/3639"}],"wp:attachment":[{"href":"https:\/\/sar.fr\/en\/wp-json\/wp\/v2\/media?parent=3638"}],"curies":[{"name":"wp","href":"https:\/\/api.w.org\/{rel}","templated":true}]}}