{"id":4619,"date":"2025-05-28T16:27:30","date_gmt":"2025-05-28T14:27:30","guid":{"rendered":"https:\/\/sar.fr\/quienes-somos\/que-hacemos\/"},"modified":"2025-10-27T12:36:33","modified_gmt":"2025-10-27T11:36:33","slug":"que-hacemos","status":"publish","type":"page","link":"https:\/\/sar.fr\/es\/quienes-somos\/que-hacemos\/","title":{"rendered":"Qu\u00e9 hacemos"},"content":{"rendered":"\n<div class=\"wp-block-columns is-layout-flex wp-container-core-columns-is-layout-9d6595d7 wp-block-columns-is-layout-flex\">\n<div class=\"wp-block-column is-layout-flow wp-block-column-is-layout-flow\">\n<h2 class=\"wp-block-heading\">Nuestras \u00e1reas de intervenci\u00f3n<\/h2>\n\n\n\n<p>SAR, actor importante en la se\u00f1alizaci\u00f3n vial desde hace m\u00e1s de 60 a\u00f1os, ha dejado su huella en carreteras y ciudades de toda Francia. Cada a\u00f1o, nuestros equipos producen m\u00e1s de <strong>20.000 toneladas de pintura<\/strong>, el equivalente <strong>a dar 12 vueltas a la Tierra<\/strong> en una l\u00ednea continua de 10 cm de ancho. <\/p>\n\n\n\n<div style=\"height:20px\" aria-hidden=\"true\" class=\"wp-block-spacer\"><\/div>\n\n\n\n<h3 class=\"wp-block-heading\">Equipamos:<\/h3>\n\n\n\n<ul class=\"wp-block-list\">\n<li>Autopistas<\/li>\n\n\n\n<li>Carreteras nacionales<\/li>\n\n\n\n<li>Caminos departamentales<\/li>\n\n\n\n<li>Metr\u00f3polis y municipios<\/li>\n\n\n\n<li>Aeropuertos<\/li>\n\n\n\n<li>Los puertos<\/li>\n\n\n\n<li>Sitios industriales privados<\/li>\n\n\n\n<li>Las bases militares<\/li>\n\n\n\n<li>Circuitos automovil\u00edsticos<\/li>\n\n\n\n<li>Etc.<\/li>\n<\/ul>\n\n\n\n<p>Referente en el mercado europeo, SAR tambi\u00e9n desarrolla productos espec\u00edficamente formulados y certificados para satisfacer las exigencias de los mercados exteriores. <strong>Con m\u00e1s del 40 % de su producci\u00f3n exportada,<\/strong> SAR es un actor decididamente internacional, presente en numerosos pa\u00edses de Europa y en todo el mundo.<\/p>\n\n\n\n<div style=\"height:40px\" aria-hidden=\"true\" class=\"wp-block-spacer\"><\/div>\n\n\n\n<div class=\"wp-block-columns is-layout-flex wp-container-core-columns-is-layout-9d6595d7 wp-block-columns-is-layout-flex\">\n<div class=\"wp-block-column is-layout-flow wp-block-column-is-layout-flow\" style=\"flex-basis:55%\">\n<h2 class=\"wp-block-heading\">Nuestra profesi\u00f3n<\/h2>\n\n\n\n<p>Desde su creaci\u00f3n, SAR es el primer fabricante franc\u00e9s de productos de se\u00f1alizaci\u00f3n vial dise\u00f1ados para aplicadores:<\/p>\n\n\n\n<ul class=\"wp-block-list\">\n<li>Marcados permanentes no retrorreflectantes, retrorreflectantes o visibles de noche con tiempo lluvioso (VNTP)<\/li>\n\n\n\n<li>Marcados temporales o enmascarado<\/li>\n\n\n\n<li>Recubrimiento decorativo<\/li>\n<\/ul>\n\n\n\n<p>SAR comercializa tambi\u00e9n una amplia gama de productos complementarios: bandas prefabricadas, bloques, dispositivos para personas con movilidad reducida (PMR), etc.<\/p>\n\n\n\n<div style=\"height:40px\" aria-hidden=\"true\" class=\"wp-block-spacer\"><\/div>\n<\/div>\n\n\n\n<div class=\"wp-block-column is-vertically-aligned-center is-layout-flow wp-block-column-is-layout-flow\" style=\"flex-basis:45%\">\n<figure class=\"wp-block-image size-large m-0\"><img loading=\"lazy\" decoding=\"async\" width=\"803\" height=\"535\" src=\"https:\/\/sar.fr\/wp-content\/uploads\/2025\/09\/accueil-4-min-803x535.jpg\" alt=\"Se&#xF1;alizaci&#xF3;n vial\" class=\"wp-image-3326\" srcset=\"https:\/\/sar.fr\/wp-content\/uploads\/2025\/09\/accueil-4-min-803x535.jpg 803w, https:\/\/sar.fr\/wp-content\/uploads\/2025\/09\/accueil-4-min-250x167.jpg 250w, https:\/\/sar.fr\/wp-content\/uploads\/2025\/09\/accueil-4-min-593x395.jpg 593w, https:\/\/sar.fr\/wp-content\/uploads\/2025\/09\/accueil-4-min-1536x1024.jpg 1536w, https:\/\/sar.fr\/wp-content\/uploads\/2025\/09\/accueil-4-min.jpg 1920w\" sizes=\"auto, (max-width: 803px) 100vw, 803px\" \/><\/figure>\n\n\n\n<figure class=\"wp-block-image size-large m-0\"><img loading=\"lazy\" decoding=\"async\" width=\"802\" height=\"535\" src=\"https:\/\/sar.fr\/wp-content\/uploads\/2025\/09\/accueil-6-min-802x535.jpg\" alt=\"M&#xE1;quina de marcado de suelo\" class=\"wp-image-3328\" srcset=\"https:\/\/sar.fr\/wp-content\/uploads\/2025\/09\/accueil-6-min-802x535.jpg 802w, https:\/\/sar.fr\/wp-content\/uploads\/2025\/09\/accueil-6-min-250x167.jpg 250w, https:\/\/sar.fr\/wp-content\/uploads\/2025\/09\/accueil-6-min-592x395.jpg 592w, https:\/\/sar.fr\/wp-content\/uploads\/2025\/09\/accueil-6-min-1536x1025.jpg 1536w, https:\/\/sar.fr\/wp-content\/uploads\/2025\/09\/accueil-6-min.jpg 1920w\" sizes=\"auto, (max-width: 802px) 100vw, 802px\" \/><\/figure>\n<\/div>\n<\/div>\n\n\n\n<h2 class=\"wp-block-heading\">Nuestros medios<\/h2>\n\n\n\n<p>Dentro de los equipos de SAR, los especialistas en formulaci\u00f3n y los expertos en la aplicaci\u00f3n trabajan juntos para desarrollar nuevos productos, desde el laboratorio hasta su aplicaci\u00f3n en la carretera.<\/p>\n\n\n\n<p><strong>Certificada ISO 9001,<\/strong> SAR es reconocida por la calidad incondicional de sus productos.<\/p>\n\n\n\n<p>Con una herramienta de producci\u00f3n totalmente automatizada con una capacidad anual de 35 000 toneladas de productos de se\u00f1alizaci\u00f3n vial, SAR tambi\u00e9n dispone de una gran capacidad de almacenamiento (m\u00e1s de 3000 toneladas) de productos terminados que le permite satisfacer las necesidades de sus clientes en toda Europa, lo m\u00e1s r\u00e1pidamente posible. <\/p>\n\n\n\n<p>SAR dispose aussi d\u2019une grande capacit\u00e9 de stockage (plus de 3 000 tonnes) de produits finis permettant de r\u00e9pondre aux besoins de ses clients partout en Europe, dans les meilleurs d\u00e9lais.<\/p>\n\n\n\n<div style=\"height:40px\" aria-hidden=\"true\" class=\"wp-block-spacer\"><\/div>\n\n\n\n<h2 class=\"wp-block-heading\">Investigaci\u00f3n y desarrollo<\/h2>\n\n\n\n<div class=\"wp-block-columns is-layout-flex wp-container-core-columns-is-layout-9d6595d7 wp-block-columns-is-layout-flex\">\n<div class=\"wp-block-column is-layout-flow wp-block-column-is-layout-flow\" style=\"flex-basis:65%\"><div class=\"wp-block-image\">\n<figure class=\"aligncenter size-full\"><img loading=\"lazy\" decoding=\"async\" width=\"1134\" height=\"284\" src=\"https:\/\/sar.fr\/wp-content\/uploads\/2025\/09\/slide_r_d1.jpg\" alt=\"\" class=\"wp-image-3446\" style=\"object-fit:cover\" srcset=\"https:\/\/sar.fr\/wp-content\/uploads\/2025\/09\/slide_r_d1.jpg 1134w, https:\/\/sar.fr\/wp-content\/uploads\/2025\/09\/slide_r_d1-250x63.jpg 250w, https:\/\/sar.fr\/wp-content\/uploads\/2025\/09\/slide_r_d1-800x200.jpg 800w\" sizes=\"auto, (max-width: 1134px) 100vw, 1134px\" \/><\/figure>\n<\/div>\n\n\n<p class=\"has-text-align-left\"><em>SAR cuenta con un centro t\u00e9cnico moderno y \u00fanico. Al reunir un laboratorio y un centro de pruebas, garantiza la sinergia de competencias. Es nuestra herramienta de progreso y el escaparate de los desarrollos tecnol\u00f3gicos de nuestros productos.  <\/em><\/p>\n<\/div>\n\n\n\n<div class=\"wp-block-column is-layout-flow wp-block-column-is-layout-flow\">\n<figure class=\"wp-block-image size-full\"><img loading=\"lazy\" decoding=\"async\" width=\"2560\" height=\"2560\" src=\"https:\/\/sar.fr\/wp-content\/uploads\/2025\/09\/Photo-11-Expertise-SAR-scaled.jpg\" alt=\"\" class=\"wp-image-3448\" style=\"object-fit:cover\" srcset=\"https:\/\/sar.fr\/wp-content\/uploads\/2025\/09\/Photo-11-Expertise-SAR-scaled.jpg 2560w, https:\/\/sar.fr\/wp-content\/uploads\/2025\/09\/Photo-11-Expertise-SAR-250x250.jpg 250w, https:\/\/sar.fr\/wp-content\/uploads\/2025\/09\/Photo-11-Expertise-SAR-535x535.jpg 535w, https:\/\/sar.fr\/wp-content\/uploads\/2025\/09\/Photo-11-Expertise-SAR-395x395.jpg 395w, https:\/\/sar.fr\/wp-content\/uploads\/2025\/09\/Photo-11-Expertise-SAR-1536x1536.jpg 1536w, https:\/\/sar.fr\/wp-content\/uploads\/2025\/09\/Photo-11-Expertise-SAR-2048x2048.jpg 2048w, https:\/\/sar.fr\/wp-content\/uploads\/2025\/09\/Photo-11-Expertise-SAR-500x500.jpg 500w\" sizes=\"auto, (max-width: 2560px) 100vw, 2560px\" \/><\/figure>\n<\/div>\n<\/div>\n<\/div>\n<\/div>\n\n<div style=\"height:20px\" aria-hidden=\"true\" class=\"wp-block-spacer\"><\/div>\n\n<p class=\"has-medium-font-size\"><strong>Nuestro equipo de Investigaci\u00f3n y Desarrollo, formado por 10 personas, es ante todo multidisciplinar:<\/strong><\/p>\n\n<ul class=\"wp-block-list\">\n<li>Ingenieros y t\u00e9cnicos qu\u00edmicos para trabajos de investigaci\u00f3n b\u00e1sica y formulaci\u00f3n,<\/li>\n\n\n\n<li>Expertos en todas las t\u00e9cnicas de aplicaci\u00f3n con todos los materiales de marcado.<\/li>\n<\/ul>\n\n<p>Estos equipos desarrollan los productos de marcado del ma\u00f1ana.<\/p>\n\n<p>En el laboratorio, un enfoque riguroso y cient\u00edfico se complementa con una evaluaci\u00f3n del rendimiento en condiciones reales en un centro de pruebas, de acuerdo con los requisitos de las normas europeas (EN1824 o EN13197).<\/p>\n\n<div style=\"height:10px\" aria-hidden=\"true\" class=\"wp-block-spacer\"><\/div>\n\n<p class=\"sous-titre\"><strong>Nuestra divisi\u00f3n de Investigaci\u00f3n y Desarrollo crea y formula productos para clientes de todo el mundo.<\/strong><\/p>\n\n<p class=\"has-medium-font-size\"><strong>Esta visi\u00f3n transversal e internacional permite a SAR ofrecer a sus clientes:<\/strong><\/p>\n\n<ul class=\"wp-block-list\">\n<li>Nuevas experiencias que cumplen con los requisitos normativos de cada pa\u00eds.<\/li>\n\n\n\n<li>Un buen conocimiento del comportamiento de nuestros productos frente a agresiones externas (tr\u00e1fico, clima y diferentes soportes), gracias a la aplicaci\u00f3n en diferentes centros de pruebas en el extranjero.<\/li>\n<\/ul>\n\n<div style=\"height:40px\" aria-hidden=\"true\" class=\"wp-block-spacer\"><\/div>\n\n<h3 class=\"wp-block-heading\">Innovaci\u00f3n y desarrollo sostenible<\/h3>\n\n<div class=\"wp-block-columns is-layout-flex wp-container-core-columns-is-layout-9d6595d7 wp-block-columns-is-layout-flex\">\n<div class=\"wp-block-column is-layout-flow wp-block-column-is-layout-flow\" style=\"flex-basis:100%\">\n<p><strong>Ecodise\u00f1o de los productos:<\/strong> SAR promueve la fabricaci\u00f3n responsable y sostenible.<\/p>\n\n\n\n<p><strong>Qu\u00edmica verde: <\/strong>Nuestros recubrimientos para aplicaci\u00f3n en caliente est\u00e1n formulados a partir de materias primas de origen vegetal.<\/p>\n\n\n\n<p><strong>Reducci\u00f3n de la huella de carbono:<\/strong> m\u00e1s de <strong>30 productos<\/strong> de nuestra gama est\u00e1n <strong>certificados NF Environnement<\/strong> y desarrollamos pinturas con un contenido muy bajo de compuestos org\u00e1nicos vol\u00e1tiles (COV).<\/p>\n\n\n\n<p><strong>Productos innovadores y respetuosos con el medio ambiente:<\/strong><\/p>\n\n\n\n<ul class=\"wp-block-list\">\n<li>Nuestros <strong>productos de recubrimiento para aplicaci\u00f3n en caliente<\/strong> est\u00e1n envasados en <strong>bolsas termofusibles<\/strong> que generan <strong>cero residuos<\/strong> de embalaje.<\/li>\n\n\n\n<li>Hemos desarrollado una nueva gama de productos sin <strong>di\u00f3xido de titanio<\/strong>.<\/li>\n\n\n\n<li>Nuestras <strong>pinturas a base agua<\/strong> est\u00e1n enriquecidas con un <strong>acelerador de secado<\/strong>, optimizando la aplicaci\u00f3n y la productividad.<\/li>\n\n\n\n<li>Nuestros <strong>recubrimientos para aplicaci\u00f3n en caliente a baja temperatura<\/strong> permiten una aplicaci\u00f3n m\u00e1s eficiente energ\u00e9ticamente.<\/li>\n\n\n\n<li>Nuestros <strong>productos<\/strong> est\u00e1n disponibles con <strong>bolsas interiores<\/strong>, facilitando la clasificaci\u00f3n y el reciclaje de los envases met\u00e1licos.<\/li>\n<\/ul>\n<\/div>\n<\/div>\n","protected":false},"excerpt":{"rendered":"<p>Nuestras \u00e1reas de intervenci\u00f3n SAR, actor importante en la se\u00f1alizaci\u00f3n vial desde hace m\u00e1s de 60 a\u00f1os, ha dejado su&#8230;<\/p>\n","protected":false},"author":4,"featured_media":0,"parent":4590,"menu_order":89,"comment_status":"closed","ping_status":"closed","template":"","meta":{"_acf_changed":false,"footnotes":""},"class_list":["post-4619","page","type-page","status-publish","hentry"],"acf":[],"yoast_head":"<!-- This site is optimized with the Yoast SEO plugin v27.4 - https:\/\/yoast.com\/product\/yoast-seo-wordpress\/ -->\n<title>Qu\u00e9 hacemos - SAR, Referencia en productos de se\u00f1alizaci\u00f3n vial<\/title>\n<meta name=\"description\" content=\"R\u00e9f\u00e9rent sur le march\u00e9 europ\u00e9en depuis 60 ans, SAR d\u00e9veloppe des produits formul\u00e9s et certifi\u00e9s pour r\u00e9pondre aux exigences des march\u00e9s \u00e9trangers.\" \/>\n<meta name=\"robots\" content=\"index, follow, max-snippet:-1, max-image-preview:large, max-video-preview:-1\" \/>\n<link rel=\"canonical\" href=\"https:\/\/sar.fr\/qui-nous-sommes\/ce-que-nous-faisons\/\" \/>\n<meta property=\"og:locale\" content=\"es_ES\" \/>\n<meta property=\"og:type\" content=\"article\" \/>\n<meta property=\"og:title\" content=\"Qu\u00e9 hacemos - SAR, Referencia en productos de se\u00f1alizaci\u00f3n vial\" \/>\n<meta property=\"og:description\" content=\"R\u00e9f\u00e9rent sur le march\u00e9 europ\u00e9en depuis 60 ans, SAR d\u00e9veloppe des produits formul\u00e9s et certifi\u00e9s pour r\u00e9pondre aux exigences des march\u00e9s \u00e9trangers.\" \/>\n<meta property=\"og:url\" content=\"https:\/\/sar.fr\/qui-nous-sommes\/ce-que-nous-faisons\/\" \/>\n<meta property=\"og:site_name\" content=\"SAR\" \/>\n<meta property=\"article:modified_time\" content=\"2025-10-27T11:36:33+00:00\" \/>\n<meta property=\"og:image\" content=\"https:\/\/sar.fr\/wp-content\/uploads\/2025\/09\/accueil-4-min.jpg\" \/>\n\t<meta property=\"og:image:width\" content=\"1920\" \/>\n\t<meta property=\"og:image:height\" content=\"1280\" \/>\n\t<meta property=\"og:image:type\" content=\"image\/jpeg\" \/>\n<meta name=\"twitter:card\" content=\"summary_large_image\" \/>\n<meta name=\"twitter:label1\" content=\"Tiempo de lectura\" \/>\n\t<meta name=\"twitter:data1\" content=\"4 minutos\" \/>\n<script type=\"application\/ld+json\" class=\"yoast-schema-graph\">{\"@context\":\"https:\\\/\\\/schema.org\",\"@graph\":[{\"@type\":\"WebPage\",\"@id\":\"https:\\\/\\\/sar.fr\\\/qui-nous-sommes\\\/ce-que-nous-faisons\\\/\",\"url\":\"https:\\\/\\\/sar.fr\\\/qui-nous-sommes\\\/ce-que-nous-faisons\\\/\",\"name\":\"Qu\u00e9 hacemos - SAR, Referencia en productos de se\u00f1alizaci\u00f3n vial\",\"isPartOf\":{\"@id\":\"https:\\\/\\\/sar.fr\\\/#website\"},\"primaryImageOfPage\":{\"@id\":\"https:\\\/\\\/sar.fr\\\/qui-nous-sommes\\\/ce-que-nous-faisons\\\/#primaryimage\"},\"image\":{\"@id\":\"https:\\\/\\\/sar.fr\\\/qui-nous-sommes\\\/ce-que-nous-faisons\\\/#primaryimage\"},\"thumbnailUrl\":\"https:\\\/\\\/sar.fr\\\/wp-content\\\/uploads\\\/2025\\\/09\\\/accueil-4-min-803x535.jpg\",\"datePublished\":\"2025-05-28T14:27:30+00:00\",\"dateModified\":\"2025-10-27T11:36:33+00:00\",\"description\":\"R\u00e9f\u00e9rent sur le march\u00e9 europ\u00e9en depuis 60 ans, SAR d\u00e9veloppe des produits formul\u00e9s et certifi\u00e9s pour r\u00e9pondre aux exigences des march\u00e9s \u00e9trangers.\",\"breadcrumb\":{\"@id\":\"https:\\\/\\\/sar.fr\\\/qui-nous-sommes\\\/ce-que-nous-faisons\\\/#breadcrumb\"},\"inLanguage\":\"es\",\"potentialAction\":[{\"@type\":\"ReadAction\",\"target\":[\"https:\\\/\\\/sar.fr\\\/qui-nous-sommes\\\/ce-que-nous-faisons\\\/\"]}]},{\"@type\":\"ImageObject\",\"inLanguage\":\"es\",\"@id\":\"https:\\\/\\\/sar.fr\\\/qui-nous-sommes\\\/ce-que-nous-faisons\\\/#primaryimage\",\"url\":\"https:\\\/\\\/sar.fr\\\/wp-content\\\/uploads\\\/2025\\\/09\\\/accueil-4-min-803x535.jpg\",\"contentUrl\":\"https:\\\/\\\/sar.fr\\\/wp-content\\\/uploads\\\/2025\\\/09\\\/accueil-4-min-803x535.jpg\"},{\"@type\":\"BreadcrumbList\",\"@id\":\"https:\\\/\\\/sar.fr\\\/qui-nous-sommes\\\/ce-que-nous-faisons\\\/#breadcrumb\",\"itemListElement\":[{\"@type\":\"ListItem\",\"position\":1,\"name\":\"Accueil\",\"item\":\"https:\\\/\\\/sar.fr\\\/\"},{\"@type\":\"ListItem\",\"position\":2,\"name\":\"QUI\u00c9NES SOMOS\",\"item\":\"https:\\\/\\\/sar.fr\\\/qui-nous-sommes\\\/\"},{\"@type\":\"ListItem\",\"position\":3,\"name\":\"Qu\u00e9 hacemos\"}]},{\"@type\":\"WebSite\",\"@id\":\"https:\\\/\\\/sar.fr\\\/#website\",\"url\":\"https:\\\/\\\/sar.fr\\\/\",\"name\":\"Sar\",\"description\":\"\",\"publisher\":{\"@id\":\"https:\\\/\\\/sar.fr\\\/#organization\"},\"potentialAction\":[{\"@type\":\"SearchAction\",\"target\":{\"@type\":\"EntryPoint\",\"urlTemplate\":\"https:\\\/\\\/sar.fr\\\/?s={search_term_string}\"},\"query-input\":{\"@type\":\"PropertyValueSpecification\",\"valueRequired\":true,\"valueName\":\"search_term_string\"}}],\"inLanguage\":\"es\"},{\"@type\":\"Organization\",\"@id\":\"https:\\\/\\\/sar.fr\\\/#organization\",\"name\":\"Sar\",\"url\":\"https:\\\/\\\/sar.fr\\\/\",\"logo\":{\"@type\":\"ImageObject\",\"inLanguage\":\"es\",\"@id\":\"https:\\\/\\\/sar.fr\\\/#\\\/schema\\\/logo\\\/image\\\/\",\"url\":\"\",\"contentUrl\":\"\",\"caption\":\"Sar\"},\"image\":{\"@id\":\"https:\\\/\\\/sar.fr\\\/#\\\/schema\\\/logo\\\/image\\\/\"}}]}<\/script>\n<!-- \/ Yoast SEO plugin. -->","yoast_head_json":{"title":"Qu\u00e9 hacemos - SAR, Referencia en productos de se\u00f1alizaci\u00f3n vial","description":"R\u00e9f\u00e9rent sur le march\u00e9 europ\u00e9en depuis 60 ans, SAR d\u00e9veloppe des produits formul\u00e9s et certifi\u00e9s pour r\u00e9pondre aux exigences des march\u00e9s \u00e9trangers.","robots":{"index":"index","follow":"follow","max-snippet":"max-snippet:-1","max-image-preview":"max-image-preview:large","max-video-preview":"max-video-preview:-1"},"canonical":"https:\/\/sar.fr\/qui-nous-sommes\/ce-que-nous-faisons\/","og_locale":"es_ES","og_type":"article","og_title":"Qu\u00e9 hacemos - SAR, Referencia en productos de se\u00f1alizaci\u00f3n vial","og_description":"R\u00e9f\u00e9rent sur le march\u00e9 europ\u00e9en depuis 60 ans, SAR d\u00e9veloppe des produits formul\u00e9s et certifi\u00e9s pour r\u00e9pondre aux exigences des march\u00e9s \u00e9trangers.","og_url":"https:\/\/sar.fr\/qui-nous-sommes\/ce-que-nous-faisons\/","og_site_name":"SAR","article_modified_time":"2025-10-27T11:36:33+00:00","og_image":[{"width":1920,"height":1280,"url":"https:\/\/sar.fr\/wp-content\/uploads\/2025\/09\/accueil-4-min.jpg","type":"image\/jpeg"}],"twitter_card":"summary_large_image","twitter_misc":{"Tiempo de lectura":"4 minutos"},"schema":{"@context":"https:\/\/schema.org","@graph":[{"@type":"WebPage","@id":"https:\/\/sar.fr\/qui-nous-sommes\/ce-que-nous-faisons\/","url":"https:\/\/sar.fr\/qui-nous-sommes\/ce-que-nous-faisons\/","name":"Qu\u00e9 hacemos - SAR, Referencia en productos de se\u00f1alizaci\u00f3n vial","isPartOf":{"@id":"https:\/\/sar.fr\/#website"},"primaryImageOfPage":{"@id":"https:\/\/sar.fr\/qui-nous-sommes\/ce-que-nous-faisons\/#primaryimage"},"image":{"@id":"https:\/\/sar.fr\/qui-nous-sommes\/ce-que-nous-faisons\/#primaryimage"},"thumbnailUrl":"https:\/\/sar.fr\/wp-content\/uploads\/2025\/09\/accueil-4-min-803x535.jpg","datePublished":"2025-05-28T14:27:30+00:00","dateModified":"2025-10-27T11:36:33+00:00","description":"R\u00e9f\u00e9rent sur le march\u00e9 europ\u00e9en depuis 60 ans, SAR d\u00e9veloppe des produits formul\u00e9s et certifi\u00e9s pour r\u00e9pondre aux exigences des march\u00e9s \u00e9trangers.","breadcrumb":{"@id":"https:\/\/sar.fr\/qui-nous-sommes\/ce-que-nous-faisons\/#breadcrumb"},"inLanguage":"es","potentialAction":[{"@type":"ReadAction","target":["https:\/\/sar.fr\/qui-nous-sommes\/ce-que-nous-faisons\/"]}]},{"@type":"ImageObject","inLanguage":"es","@id":"https:\/\/sar.fr\/qui-nous-sommes\/ce-que-nous-faisons\/#primaryimage","url":"https:\/\/sar.fr\/wp-content\/uploads\/2025\/09\/accueil-4-min-803x535.jpg","contentUrl":"https:\/\/sar.fr\/wp-content\/uploads\/2025\/09\/accueil-4-min-803x535.jpg"},{"@type":"BreadcrumbList","@id":"https:\/\/sar.fr\/qui-nous-sommes\/ce-que-nous-faisons\/#breadcrumb","itemListElement":[{"@type":"ListItem","position":1,"name":"Accueil","item":"https:\/\/sar.fr\/"},{"@type":"ListItem","position":2,"name":"QUI\u00c9NES SOMOS","item":"https:\/\/sar.fr\/qui-nous-sommes\/"},{"@type":"ListItem","position":3,"name":"Qu\u00e9 hacemos"}]},{"@type":"WebSite","@id":"https:\/\/sar.fr\/#website","url":"https:\/\/sar.fr\/","name":"Sar","description":"","publisher":{"@id":"https:\/\/sar.fr\/#organization"},"potentialAction":[{"@type":"SearchAction","target":{"@type":"EntryPoint","urlTemplate":"https:\/\/sar.fr\/?s={search_term_string}"},"query-input":{"@type":"PropertyValueSpecification","valueRequired":true,"valueName":"search_term_string"}}],"inLanguage":"es"},{"@type":"Organization","@id":"https:\/\/sar.fr\/#organization","name":"Sar","url":"https:\/\/sar.fr\/","logo":{"@type":"ImageObject","inLanguage":"es","@id":"https:\/\/sar.fr\/#\/schema\/logo\/image\/","url":"","contentUrl":"","caption":"Sar"},"image":{"@id":"https:\/\/sar.fr\/#\/schema\/logo\/image\/"}}]}},"_links":{"self":[{"href":"https:\/\/sar.fr\/es\/wp-json\/wp\/v2\/pages\/4619","targetHints":{"allow":["GET"]}}],"collection":[{"href":"https:\/\/sar.fr\/es\/wp-json\/wp\/v2\/pages"}],"about":[{"href":"https:\/\/sar.fr\/es\/wp-json\/wp\/v2\/types\/page"}],"author":[{"embeddable":true,"href":"https:\/\/sar.fr\/es\/wp-json\/wp\/v2\/users\/4"}],"replies":[{"embeddable":true,"href":"https:\/\/sar.fr\/es\/wp-json\/wp\/v2\/comments?post=4619"}],"version-history":[{"count":1,"href":"https:\/\/sar.fr\/es\/wp-json\/wp\/v2\/pages\/4619\/revisions"}],"predecessor-version":[{"id":4623,"href":"https:\/\/sar.fr\/es\/wp-json\/wp\/v2\/pages\/4619\/revisions\/4623"}],"up":[{"embeddable":true,"href":"https:\/\/sar.fr\/es\/wp-json\/wp\/v2\/pages\/4590"}],"wp:attachment":[{"href":"https:\/\/sar.fr\/es\/wp-json\/wp\/v2\/media?parent=4619"}],"curies":[{"name":"wp","href":"https:\/\/api.w.org\/{rel}","templated":true}]}}