{"id":4695,"date":"2024-04-02T14:24:20","date_gmt":"2024-04-02T12:24:20","guid":{"rendered":"https:\/\/sar.fr\/unase-a-nosotros\/"},"modified":"2025-10-27T16:33:37","modified_gmt":"2025-10-27T15:33:37","slug":"unase-a-nosotros","status":"publish","type":"page","link":"https:\/\/sar.fr\/es\/unase-a-nosotros\/","title":{"rendered":"\u00danase a nosotros"},"content":{"rendered":"\n<p class=\"has-text-align-center sous-titre\"><strong>ACOGER, APOYAR Y DESARROLLAR GRANDES TALENTOS<\/strong><\/p>\n\n<div style=\"height:50px\" aria-hidden=\"true\" class=\"wp-block-spacer\"><\/div>\n\n<div class=\"wp-block-media-text alignwide is-stacked-on-mobile is-image-fill reveal has-background\" style=\"background-color:#8dd2fc1a;grid-template-columns:40% auto\"><figure class=\"wp-block-media-text__media\" style=\"background-image:url(https:\/\/sar.fr\/wp-content\/uploads\/2024\/04\/GENERAL-ANTOINE-MEYSSONNIER-535x535.jpg);background-position:50% 50%\"><img decoding=\"async\" src=\"https:\/\/sar.fr\/wp-content\/uploads\/2024\/04\/GENERAL-ANTOINE-MEYSSONNIER-535x535.jpg\" alt=\"\" class=\"wp-image-627 size-full\"\/><\/figure><div class=\"wp-block-media-text__content\">\n<div style=\"height:20px\" aria-hidden=\"true\" class=\"wp-block-spacer\"><\/div>\n\n\n<div class=\"wp-block-image\">\n<figure class=\"aligncenter size-full\"><img decoding=\"async\" src=\"https:\/\/cardem.people-marketing.fr\/wp-content\/uploads\/2024\/01\/CARDEM-Nous-rejoindre-Accroche.png\" alt=\"\" class=\"wp-image-1475\" style=\"object-fit:cover\"\/><\/figure>\n<\/div>\n\n\n<p>\u00bfQuiere contribuir a mejorar la vida de todos, participar en proyectos que tengan sentido y le permitan adquirir competencias?<\/p>\n\n\n\n<p>En Francia metropolitana, VINCI Construction se apoya en una red de filiales locales para concebir, financiar, realizar y mantener cualquier proyecto de construcci\u00f3n en los sectores de la edificaci\u00f3n, la ingenier\u00eda civil, las carreteras y las redes.<\/p>\n\n\n\n<p>SAR ofrece una variedad de profesiones que van desde la I+D hasta la calidad, la prevenci\u00f3n, el medio ambiente y el comercio&#8230; Nuestros empleados forman equipos de entusiastas que comparten todos la misma visi\u00f3n: <strong>Build Better Together. <\/strong><\/p>\n\n\n\n<div style=\"height:25px\" aria-hidden=\"true\" class=\"wp-block-spacer\"><\/div>\n<\/div><\/div>\n\n<div style=\"height:70px\" aria-hidden=\"true\" class=\"wp-block-spacer\"><\/div>\n\n<div class=\"wp-block-media-text is-stacked-on-mobile\" style=\"grid-template-columns:40% auto\"><figure class=\"wp-block-media-text__media\"><img decoding=\"async\" src=\"https:\/\/sar.fr\/wp-content\/uploads\/2024\/04\/EQUIPEMENT-DE-LA-ROUTE_BUILD_1-535x535.jpg\" alt=\"\" class=\"wp-image-600 size-full\"\/><\/figure><div class=\"wp-block-media-text__content\">\n<h2 class=\"wp-block-heading\"><strong><strong><strong>Construir su trayectoria<\/strong><\/strong><\/strong><\/h2>\n\n\n\n<p>Porque compartimos la misma pasi\u00f3n por construir. Una pasi\u00f3n \u00fatil. Al servicio de los territorios. Una profesi\u00f3n para encontrar soluciones. Y porque con nosotros, cada uno tiene la oportunidad de construirse. Desarrollando constantemente sus competencias. Utilizando t\u00e9cnicas y tecnolog\u00edas de vanguardia. Transmitiendo nuestro saber hacer. Compartiendo nuestra forma de ser.        <\/p>\n\n\n\n<p><strong>Humildad. Esp\u00edritu de equipo. Excelencia. Libertad para emprender. Transparencia.    <\/strong><\/p>\n<\/div><\/div>\n\n<div style=\"height:30px\" aria-hidden=\"true\" class=\"wp-block-spacer\"><\/div>\n\n<div class=\"wp-block-media-text is-stacked-on-mobile\" style=\"grid-template-columns:40% auto\"><figure class=\"wp-block-media-text__media\"><img decoding=\"async\" src=\"https:\/\/sar.fr\/wp-content\/uploads\/2024\/04\/EQUIPEMENT-DE-LA-ROUTE_BETTER_2-535x535.jpg\" alt=\"\" class=\"wp-image-601 size-full\"\/><\/figure><div class=\"wp-block-media-text__content\">\n<h2 class=\"wp-block-heading\"><strong><strong><strong><strong><strong><strong>Construir \u00fatil<\/strong><\/strong><\/strong><\/strong><\/strong><\/strong><\/h2>\n\n\n\n<p>Porque \u201cgood\u201d e incluso <strong>\u201cgreat\u201d<\/strong> no son suficientes. Cultivamos una gesti\u00f3n basada en la autonom\u00eda y la confianza. Para permitir que los responsables de nuestras obras y nuestros centros tomen decisiones sobre el terreno. Dentro de una empresa cada vez m\u00e1s inclusiva y cada vez m\u00e1s comprometida con el medio ambiente y la sociedad.   <\/p>\n<\/div><\/div>\n\n<div style=\"height:30px\" aria-hidden=\"true\" class=\"wp-block-spacer\"><\/div>\n\n<div class=\"wp-block-media-text is-stacked-on-mobile\" style=\"grid-template-columns:40% auto\"><figure class=\"wp-block-media-text__media\"><img decoding=\"async\" src=\"https:\/\/sar.fr\/wp-content\/uploads\/2024\/04\/EQUIPEMENT-DE-LA-ROUTE_TOGETHER_1-535x535.jpg\" alt=\"\" class=\"wp-image-602 size-full\"\/><\/figure><div class=\"wp-block-media-text__content\">\n<h2 class=\"wp-block-heading\"><strong><strong><strong><strong><strong><strong><strong><strong><strong><strong>Construir con valores<\/strong><\/strong><\/strong><\/strong><\/strong><\/strong><\/strong><\/strong><\/strong><\/strong><\/h2>\n\n\n\n<p>Porque para nosotros, las personas son lo primero. Para nuestros empleados. Porque su \u00e9xito, su bienestar y su seguridad son nuestra prioridad. Porque creemos en el trabajo en equipo. Y en la solidaridad. Para nuestros clientes y aquellos para quienes trabajamos. Porque de los di\u00e1logos constructivos siempre surgen buenos proyectos. As\u00ed que s\u00ed, es tan simple como&#8230; uno, dos, tres. Y cada d\u00eda, mucho m\u00e1s. \u00a1Gracias a las mujeres y los hombres como ustedes!         <\/p>\n<\/div><\/div>\n\n<div style=\"height:34px\" aria-hidden=\"true\" class=\"wp-block-spacer\"><\/div>\n\n<div class=\"wp-block-columns is-layout-flex wp-container-core-columns-is-layout-9d6595d7 wp-block-columns-is-layout-flex\">\n<div class=\"wp-block-column is-layout-flow wp-block-column-is-layout-flow\">\n<figure class=\"wp-block-embed aligncenter is-type-video is-provider-youtube wp-block-embed-youtube wp-embed-aspect-16-9 wp-has-aspect-ratio w-100\"><div class=\"wp-block-embed__wrapper\">\n<div class=\"oembed\">\n\t<iframe loading=\"lazy\" title=\"Build Better Together\" width=\"500\" height=\"281\" src=\"https:\/\/www.youtube.com\/embed\/Ijrj8ikHxX0?start=6&#038;feature=oembed\" frameborder=\"0\" allow=\"accelerometer; autoplay; clipboard-write; encrypted-media; gyroscope; picture-in-picture; web-share\" referrerpolicy=\"strict-origin-when-cross-origin\" allowfullscreen><\/iframe><\/div>\n\n<\/div><\/figure>\n<\/div>\n<\/div>\n\n<div style=\"height:50px\" aria-hidden=\"true\" class=\"wp-block-spacer\"><\/div>\n","protected":false},"excerpt":{"rendered":"<p>ACOGER, APOYAR Y DESARROLLAR GRANDES TALENTOS Construir su trayectoria Porque compartimos la misma pasi\u00f3n por construir. Una pasi\u00f3n \u00fatil. Al&#8230;<\/p>\n","protected":false},"author":1,"featured_media":0,"parent":0,"menu_order":60,"comment_status":"closed","ping_status":"closed","template":"","meta":{"_acf_changed":false,"footnotes":""},"class_list":["post-4695","page","type-page","status-publish","hentry"],"acf":[],"yoast_head":"<!-- This site is optimized with the Yoast SEO plugin v27.4 - https:\/\/yoast.com\/product\/yoast-seo-wordpress\/ -->\n<title>\u00danase a nosotros - SAR<\/title>\n<meta name=\"robots\" content=\"index, follow, max-snippet:-1, max-image-preview:large, max-video-preview:-1\" \/>\n<link rel=\"canonical\" href=\"https:\/\/sar.fr\/nous-rejoindre\/\" \/>\n<meta property=\"og:locale\" content=\"es_ES\" \/>\n<meta property=\"og:type\" content=\"article\" \/>\n<meta property=\"og:title\" content=\"\u00danase a nosotros - SAR\" \/>\n<meta property=\"og:description\" content=\"ACOGER, APOYAR Y DESARROLLAR GRANDES TALENTOS Construir su trayectoria Porque compartimos la misma pasi\u00f3n por construir. Una pasi\u00f3n \u00fatil. Al...\" \/>\n<meta property=\"og:url\" content=\"https:\/\/sar.fr\/nous-rejoindre\/\" \/>\n<meta property=\"og:site_name\" content=\"SAR\" \/>\n<meta property=\"article:modified_time\" content=\"2025-10-27T15:33:37+00:00\" \/>\n<meta name=\"twitter:card\" content=\"summary_large_image\" \/>\n<meta name=\"twitter:label1\" content=\"Tiempo de lectura\" \/>\n\t<meta name=\"twitter:data1\" content=\"2 minutos\" \/>\n<script type=\"application\/ld+json\" class=\"yoast-schema-graph\">{\"@context\":\"https:\\\/\\\/schema.org\",\"@graph\":[{\"@type\":\"WebPage\",\"@id\":\"https:\\\/\\\/sar.fr\\\/nous-rejoindre\\\/\",\"url\":\"https:\\\/\\\/sar.fr\\\/nous-rejoindre\\\/\",\"name\":\"\u00danase a nosotros - SAR\",\"isPartOf\":{\"@id\":\"https:\\\/\\\/sar.fr\\\/#website\"},\"primaryImageOfPage\":{\"@id\":\"https:\\\/\\\/sar.fr\\\/nous-rejoindre\\\/#primaryimage\"},\"image\":{\"@id\":\"https:\\\/\\\/sar.fr\\\/nous-rejoindre\\\/#primaryimage\"},\"thumbnailUrl\":\"https:\\\/\\\/sar.fr\\\/wp-content\\\/uploads\\\/2024\\\/04\\\/GENERAL-ANTOINE-MEYSSONNIER-535x535.jpg\",\"datePublished\":\"2024-04-02T12:24:20+00:00\",\"dateModified\":\"2025-10-27T15:33:37+00:00\",\"breadcrumb\":{\"@id\":\"https:\\\/\\\/sar.fr\\\/nous-rejoindre\\\/#breadcrumb\"},\"inLanguage\":\"es\",\"potentialAction\":[{\"@type\":\"ReadAction\",\"target\":[\"https:\\\/\\\/sar.fr\\\/nous-rejoindre\\\/\"]}]},{\"@type\":\"ImageObject\",\"inLanguage\":\"es\",\"@id\":\"https:\\\/\\\/sar.fr\\\/nous-rejoindre\\\/#primaryimage\",\"url\":\"https:\\\/\\\/sar.fr\\\/wp-content\\\/uploads\\\/2024\\\/04\\\/GENERAL-ANTOINE-MEYSSONNIER-535x535.jpg\",\"contentUrl\":\"https:\\\/\\\/sar.fr\\\/wp-content\\\/uploads\\\/2024\\\/04\\\/GENERAL-ANTOINE-MEYSSONNIER-535x535.jpg\"},{\"@type\":\"BreadcrumbList\",\"@id\":\"https:\\\/\\\/sar.fr\\\/nous-rejoindre\\\/#breadcrumb\",\"itemListElement\":[{\"@type\":\"ListItem\",\"position\":1,\"name\":\"Accueil\",\"item\":\"https:\\\/\\\/sar.fr\\\/\"},{\"@type\":\"ListItem\",\"position\":2,\"name\":\"\u00danase a nosotros\"}]},{\"@type\":\"WebSite\",\"@id\":\"https:\\\/\\\/sar.fr\\\/#website\",\"url\":\"https:\\\/\\\/sar.fr\\\/\",\"name\":\"Sar\",\"description\":\"\",\"publisher\":{\"@id\":\"https:\\\/\\\/sar.fr\\\/#organization\"},\"potentialAction\":[{\"@type\":\"SearchAction\",\"target\":{\"@type\":\"EntryPoint\",\"urlTemplate\":\"https:\\\/\\\/sar.fr\\\/?s={search_term_string}\"},\"query-input\":{\"@type\":\"PropertyValueSpecification\",\"valueRequired\":true,\"valueName\":\"search_term_string\"}}],\"inLanguage\":\"es\"},{\"@type\":\"Organization\",\"@id\":\"https:\\\/\\\/sar.fr\\\/#organization\",\"name\":\"Sar\",\"url\":\"https:\\\/\\\/sar.fr\\\/\",\"logo\":{\"@type\":\"ImageObject\",\"inLanguage\":\"es\",\"@id\":\"https:\\\/\\\/sar.fr\\\/#\\\/schema\\\/logo\\\/image\\\/\",\"url\":\"\",\"contentUrl\":\"\",\"caption\":\"Sar\"},\"image\":{\"@id\":\"https:\\\/\\\/sar.fr\\\/#\\\/schema\\\/logo\\\/image\\\/\"}}]}<\/script>\n<!-- \/ Yoast SEO plugin. -->","yoast_head_json":{"title":"\u00danase a nosotros - SAR","robots":{"index":"index","follow":"follow","max-snippet":"max-snippet:-1","max-image-preview":"max-image-preview:large","max-video-preview":"max-video-preview:-1"},"canonical":"https:\/\/sar.fr\/nous-rejoindre\/","og_locale":"es_ES","og_type":"article","og_title":"\u00danase a nosotros - SAR","og_description":"ACOGER, APOYAR Y DESARROLLAR GRANDES TALENTOS Construir su trayectoria Porque compartimos la misma pasi\u00f3n por construir. Una pasi\u00f3n \u00fatil. Al...","og_url":"https:\/\/sar.fr\/nous-rejoindre\/","og_site_name":"SAR","article_modified_time":"2025-10-27T15:33:37+00:00","twitter_card":"summary_large_image","twitter_misc":{"Tiempo de lectura":"2 minutos"},"schema":{"@context":"https:\/\/schema.org","@graph":[{"@type":"WebPage","@id":"https:\/\/sar.fr\/nous-rejoindre\/","url":"https:\/\/sar.fr\/nous-rejoindre\/","name":"\u00danase a nosotros - SAR","isPartOf":{"@id":"https:\/\/sar.fr\/#website"},"primaryImageOfPage":{"@id":"https:\/\/sar.fr\/nous-rejoindre\/#primaryimage"},"image":{"@id":"https:\/\/sar.fr\/nous-rejoindre\/#primaryimage"},"thumbnailUrl":"https:\/\/sar.fr\/wp-content\/uploads\/2024\/04\/GENERAL-ANTOINE-MEYSSONNIER-535x535.jpg","datePublished":"2024-04-02T12:24:20+00:00","dateModified":"2025-10-27T15:33:37+00:00","breadcrumb":{"@id":"https:\/\/sar.fr\/nous-rejoindre\/#breadcrumb"},"inLanguage":"es","potentialAction":[{"@type":"ReadAction","target":["https:\/\/sar.fr\/nous-rejoindre\/"]}]},{"@type":"ImageObject","inLanguage":"es","@id":"https:\/\/sar.fr\/nous-rejoindre\/#primaryimage","url":"https:\/\/sar.fr\/wp-content\/uploads\/2024\/04\/GENERAL-ANTOINE-MEYSSONNIER-535x535.jpg","contentUrl":"https:\/\/sar.fr\/wp-content\/uploads\/2024\/04\/GENERAL-ANTOINE-MEYSSONNIER-535x535.jpg"},{"@type":"BreadcrumbList","@id":"https:\/\/sar.fr\/nous-rejoindre\/#breadcrumb","itemListElement":[{"@type":"ListItem","position":1,"name":"Accueil","item":"https:\/\/sar.fr\/"},{"@type":"ListItem","position":2,"name":"\u00danase a nosotros"}]},{"@type":"WebSite","@id":"https:\/\/sar.fr\/#website","url":"https:\/\/sar.fr\/","name":"Sar","description":"","publisher":{"@id":"https:\/\/sar.fr\/#organization"},"potentialAction":[{"@type":"SearchAction","target":{"@type":"EntryPoint","urlTemplate":"https:\/\/sar.fr\/?s={search_term_string}"},"query-input":{"@type":"PropertyValueSpecification","valueRequired":true,"valueName":"search_term_string"}}],"inLanguage":"es"},{"@type":"Organization","@id":"https:\/\/sar.fr\/#organization","name":"Sar","url":"https:\/\/sar.fr\/","logo":{"@type":"ImageObject","inLanguage":"es","@id":"https:\/\/sar.fr\/#\/schema\/logo\/image\/","url":"","contentUrl":"","caption":"Sar"},"image":{"@id":"https:\/\/sar.fr\/#\/schema\/logo\/image\/"}}]}},"_links":{"self":[{"href":"https:\/\/sar.fr\/es\/wp-json\/wp\/v2\/pages\/4695","targetHints":{"allow":["GET"]}}],"collection":[{"href":"https:\/\/sar.fr\/es\/wp-json\/wp\/v2\/pages"}],"about":[{"href":"https:\/\/sar.fr\/es\/wp-json\/wp\/v2\/types\/page"}],"author":[{"embeddable":true,"href":"https:\/\/sar.fr\/es\/wp-json\/wp\/v2\/users\/1"}],"replies":[{"embeddable":true,"href":"https:\/\/sar.fr\/es\/wp-json\/wp\/v2\/comments?post=4695"}],"version-history":[{"count":1,"href":"https:\/\/sar.fr\/es\/wp-json\/wp\/v2\/pages\/4695\/revisions"}],"predecessor-version":[{"id":4696,"href":"https:\/\/sar.fr\/es\/wp-json\/wp\/v2\/pages\/4695\/revisions\/4696"}],"wp:attachment":[{"href":"https:\/\/sar.fr\/es\/wp-json\/wp\/v2\/media?parent=4695"}],"curies":[{"name":"wp","href":"https:\/\/api.w.org\/{rel}","templated":true}]}}